{"version":"1.0","provider_name":"Lyc\u00e9e Professionnel Denis Diderot","provider_url":"https:\/\/lpdiderot10.fr","author_name":"Florent","author_url":"https:\/\/lpdiderot10.fr\/index.php\/author\/falbera\/","title":"JOURN\u00c9ES de d\u00e9sint\u00e9gration - Lyc\u00e9e Professionnel Denis Diderot","type":"rich","width":600,"height":338,"html":"<blockquote class=\"wp-embedded-content\" data-secret=\"PiY0aQCQcG\"><a href=\"https:\/\/lpdiderot10.fr\/index.php\/2023\/06\/26\/3270\/\">JOURN\u00c9ES de d\u00e9sint\u00e9gration<\/a><\/blockquote><iframe sandbox=\"allow-scripts\" security=\"restricted\" src=\"https:\/\/lpdiderot10.fr\/index.php\/2023\/06\/26\/3270\/embed\/#?secret=PiY0aQCQcG\" width=\"600\" height=\"338\" title=\"\u00ab\u00a0JOURN\u00c9ES de d\u00e9sint\u00e9gration\u00a0\u00bb &#8212; Lyc\u00e9e Professionnel Denis Diderot\" data-secret=\"PiY0aQCQcG\" frameborder=\"0\" marginwidth=\"0\" marginheight=\"0\" scrolling=\"no\" class=\"wp-embedded-content\"><\/iframe><script type=\"text\/javascript\">\n\/*! This file is auto-generated *\/\n!function(c,d){\"use strict\";var e=!1,o=!1;if(d.querySelector)if(c.addEventListener)e=!0;if(c.wp=c.wp||{},c.wp.receiveEmbedMessage);else if(c.wp.receiveEmbedMessage=function(e){var t=e.data;if(!t);else if(!(t.secret||t.message||t.value));else if(\/[^a-zA-Z0-9]\/.test(t.secret));else{for(var r,s,a,i=d.querySelectorAll('iframe[data-secret=\"'+t.secret+'\"]'),n=d.querySelectorAll('blockquote[data-secret=\"'+t.secret+'\"]'),o=new RegExp(\"^https?:$\",\"i\"),l=0;l<n.length;l++)n[l].style.display=\"none\";for(l=0;l<i.length;l++)if(r=i[l],e.source!==r.contentWindow);else{if(r.removeAttribute(\"style\"),\"height\"===t.message){if(1e3<(s=parseInt(t.value,10)))s=1e3;else if(~~s<200)s=200;r.height=s}if(\"link\"===t.message)if(s=d.createElement(\"a\"),a=d.createElement(\"a\"),s.href=r.getAttribute(\"src\"),a.href=t.value,!o.test(a.protocol));else if(a.host===s.host)if(d.activeElement===r)c.top.location.href=t.value}}},e)c.addEventListener(\"message\",c.wp.receiveEmbedMessage,!1),d.addEventListener(\"DOMContentLoaded\",t,!1),c.addEventListener(\"load\",t,!1);function t(){if(o);else{o=!0;for(var e,t,r,s=-1!==navigator.appVersion.indexOf(\"MSIE 10\"),a=!!navigator.userAgent.match(\/Trident.*rv:11\\.\/),i=d.querySelectorAll(\"iframe.wp-embedded-content\"),n=0;n<i.length;n++){if(!(r=(t=i[n]).getAttribute(\"data-secret\")))r=Math.random().toString(36).substr(2,10),t.src+=\"#?secret=\"+r,t.setAttribute(\"data-secret\",r);if(s||a)(e=t.cloneNode(!0)).removeAttribute(\"security\"),t.parentNode.replaceChild(e,t);t.contentWindow.postMessage({message:\"ready\",secret:r},\"*\")}}}}(window,document);\n<\/script>\n","thumbnail_url":"https:\/\/lpdiderot10.fr\/wp-content\/uploads\/2023\/06\/word-image-3270-2.jpeg","thumbnail_width":770,"thumbnail_height":433,"description":"Un parcours d\u2019int\u00e9gration pour les nouveaux \u00e9l\u00e8ves du LP Diderot s\u2019est d\u00e9roul\u00e9 tout au long de cette ann\u00e9e scolaire. L\u2019objectif principal a \u00e9t\u00e9 de permettre aux \u00e9l\u00e8ves de se conna\u00eetre les uns les autres afin de cr\u00e9er un sentiment d\u2019appartenance \u00e0 leur classe et au lyc\u00e9e. Afin de \u00ab\u00a0cl\u00f4turer\u00a0\u00bb cette ann\u00e9e, plusieurs journ\u00e9es dites\u00a0de \u00ab\u00a0d\u00e9sint\u00e9gration [&hellip;]"}