{"version":"1.0","provider_name":"Lyc\u00e9e Professionnel Denis Diderot","provider_url":"https:\/\/lpdiderot10.fr","author_name":"admin0","author_url":"https:\/\/lpdiderot10.fr\/index.php\/author\/admin0\/","title":"Internat d'excellence et du pro - Lyc\u00e9e Professionnel Denis Diderot","type":"rich","width":600,"height":338,"html":"<blockquote class=\"wp-embedded-content\" data-secret=\"ckufSgXzfa\"><a href=\"https:\/\/lpdiderot10.fr\/index.php\/vie-au-lycee\/linternat\/\">Internat d&#8217;excellence et du pro<\/a><\/blockquote><iframe sandbox=\"allow-scripts\" security=\"restricted\" src=\"https:\/\/lpdiderot10.fr\/index.php\/vie-au-lycee\/linternat\/embed\/#?secret=ckufSgXzfa\" width=\"600\" height=\"338\" title=\"\u00ab\u00a0Internat d&#8217;excellence et du pro\u00a0\u00bb &#8212; Lyc\u00e9e Professionnel Denis Diderot\" data-secret=\"ckufSgXzfa\" frameborder=\"0\" marginwidth=\"0\" marginheight=\"0\" scrolling=\"no\" class=\"wp-embedded-content\"><\/iframe><script type=\"text\/javascript\">\n\/*! This file is auto-generated *\/\n!function(c,d){\"use strict\";var e=!1,o=!1;if(d.querySelector)if(c.addEventListener)e=!0;if(c.wp=c.wp||{},c.wp.receiveEmbedMessage);else if(c.wp.receiveEmbedMessage=function(e){var t=e.data;if(!t);else if(!(t.secret||t.message||t.value));else if(\/[^a-zA-Z0-9]\/.test(t.secret));else{for(var r,s,a,i=d.querySelectorAll('iframe[data-secret=\"'+t.secret+'\"]'),n=d.querySelectorAll('blockquote[data-secret=\"'+t.secret+'\"]'),o=new RegExp(\"^https?:$\",\"i\"),l=0;l<n.length;l++)n[l].style.display=\"none\";for(l=0;l<i.length;l++)if(r=i[l],e.source!==r.contentWindow);else{if(r.removeAttribute(\"style\"),\"height\"===t.message){if(1e3<(s=parseInt(t.value,10)))s=1e3;else if(~~s<200)s=200;r.height=s}if(\"link\"===t.message)if(s=d.createElement(\"a\"),a=d.createElement(\"a\"),s.href=r.getAttribute(\"src\"),a.href=t.value,!o.test(a.protocol));else if(a.host===s.host)if(d.activeElement===r)c.top.location.href=t.value}}},e)c.addEventListener(\"message\",c.wp.receiveEmbedMessage,!1),d.addEventListener(\"DOMContentLoaded\",t,!1),c.addEventListener(\"load\",t,!1);function t(){if(o);else{o=!0;for(var e,t,r,s=-1!==navigator.appVersion.indexOf(\"MSIE 10\"),a=!!navigator.userAgent.match(\/Trident.*rv:11\\.\/),i=d.querySelectorAll(\"iframe.wp-embedded-content\"),n=0;n<i.length;n++){if(!(r=(t=i[n]).getAttribute(\"data-secret\")))r=Math.random().toString(36).substr(2,10),t.src+=\"#?secret=\"+r,t.setAttribute(\"data-secret\",r);if(s||a)(e=t.cloneNode(!0)).removeAttribute(\"security\"),t.parentNode.replaceChild(e,t);t.contentWindow.postMessage({message:\"ready\",secret:r},\"*\")}}}}(window,document);\n<\/script>\n","description":"vie de l&#8217;internat \/ Actualit\u00e9s A la rentr\u00e9e 2021, l\u2019internat du lyc\u00e9e Denis Diderot ouvrira ses portes avec un label \u00ab\u00a0Internat d\u2019excellence \u2013 Internat du Pro\u00a0\u00bb. Cela signifie que notre internat proposera un projet p\u00e9dagogique et \u00e9ducatif renforc\u00e9 afin d\u2019accompagner au mieux les \u00e9l\u00e8ves internes. ETRE INTERNE AU LP DIDEROT c\u2019est quoi\u00a0? La vie \u00e0 [&hellip;]","thumbnail_url":"http:\/\/lpdiderot10.fr\/wp-content\/uploads\/2021\/06\/word-image.jpeg"}